{"id":1106,"date":"2025-01-21T16:47:57","date_gmt":"2025-01-21T16:47:57","guid":{"rendered":"https:\/\/dasaffalterbach.com\/restaurant-bar\/"},"modified":"2026-07-27T15:07:24","modified_gmt":"2026-07-27T15:07:24","slug":"restaurant-bar","status":"publish","type":"page","link":"https:\/\/dasaffalterbach.com\/en\/restaurant-bar\/","title":{"rendered":"Restaurant &#038; Bar"},"content":{"rendered":"\n<section id=\"m-hero__container-block_6bc2fa71209fc4933860e1498f7cb82d\" class=\"m-hero__container  u-color-white u-relative\">\n        <div class=\"m-slider m-slider--overlay\"><div><figure><img decoding=\"async\" src=\"https:\/\/dasaffalterbach.com\/wp-content\/uploads\/2026\/02\/01_Header-1920x1000.jpg\" width=\"1920\" height=\"1000\" sizes=\"(max-width: 1920px) 100vw, 1920px\" alt=\"Gedeckte Tische in modernem Restaurant nahe AMG Mercedes, Sitzb\u00e4nke und Fensterblick\n\" class=\"u-full--width\" \/><\/figure><\/div><div><figure><img decoding=\"async\" src=\"https:\/\/dasaffalterbach.com\/wp-content\/uploads\/2026\/07\/Restaurant_Aufrecht_Melcher_Das-Affalterbach-1920x1000.jpg\" width=\"1920\" height=\"1000\" sizes=\"(max-width: 1920px) 100vw, 1920px\" alt=\"Blick in das Restaurant Aufrecht und Melcher im Hotel nahe Stuttgart, man sieht gedeckte Tische sowie gro\u00dfe Pflanzen im Vordergrund\" class=\"u-full--width\" \/><\/figure><\/div><div><figure><img decoding=\"async\" src=\"https:\/\/dasaffalterbach.com\/wp-content\/uploads\/2026\/02\/03_Header-1920x1000.jpg\" width=\"1920\" height=\"1000\" sizes=\"(max-width: 1920px) 100vw, 1920px\" alt=\"Gedeckte Tische stehen innen vor offener T\u00fcr zur gr\u00fcnen Terrasse im Restaurant Affalterbach\n\" class=\"u-full--width\" \/><\/figure><\/div><div><figure><img decoding=\"async\" src=\"https:\/\/dasaffalterbach.com\/wp-content\/uploads\/2026\/02\/04_Header-1920x1000.jpg\" width=\"1920\" height=\"1000\" sizes=\"(max-width: 1920px) 100vw, 1920px\" alt=\"Zimmerpflanze steht mittig, umgeben von Tischen in modernem Restaurant in Affalterbach\n\" class=\"u-full--width\" \/><\/figure><\/div><div><figure><img decoding=\"async\" src=\"https:\/\/dasaffalterbach.com\/wp-content\/uploads\/2026\/02\/05_Header-1920x1000.jpg\" width=\"1920\" height=\"1000\" sizes=\"(max-width: 1920px) 100vw, 1920px\" alt=\"Hotelbar-Lounge; Text: ROOMS &lt; BUSINESS SUITES &lt; WELLNESS &lt; WC &lt; ; ENCE &lt;\n\" class=\"u-full--width\" \/><\/figure><\/div>\n        <\/div><div class=\"u-absolute u-pos--top u-pos--left u-full--width u-full--height u-flex u-ai-center u-jc-center\"><div class=\"o-container u-full--width u-relative u-pt-x10 u-pb-x15 u-pt-x20@md u-pb-x20@md\">\n        <div class=\"o-grid o-grid--center u-text-center\">\n            <div class=\"o-grid__col u-12\/12@md u-mt-x6 u-mt-x0@sm\" data-aos=\"zoom-out\">\n                <h1 style=\"text-align: center;\">Bar &#038; Restaurant Affalterbach<\/h1>\n\n            <\/div>\n        <\/div>\n    <\/div><\/div><\/section>\n<section id=\"m-text__container-block_b2c753bbc6b4ff0ff9aed73d035184c9\" class=\"m-text__container u-pt-x10 u-pb-x0 u-pt-x20@md u-pb-x0@md\">\n    <div class=\"o-container\">\n        <div class=\"o-grid o-grid--center\">\n                <div class=\"o-grid__col u-8\/12@md\" data-aos=\"fade-up\">\n                    <h2 style=\"text-align: center;\"><img decoding=\"async\" class=\"u-mb-x6 alignnone wp-image-1727 size-medium\" src=\"https:\/\/dasaffalterbach.com\/wp-content\/uploads\/2025\/07\/Aufrecht_Melcher_Logo_white-600x139.png\" alt=\"\" width=\"600\" height=\"139\" srcset=\"https:\/\/dasaffalterbach.com\/wp-content\/uploads\/2025\/07\/Aufrecht_Melcher_Logo_white-600x139.png 600w, https:\/\/dasaffalterbach.com\/wp-content\/uploads\/2025\/07\/Aufrecht_Melcher_Logo_white-1024x237.png 1024w, https:\/\/dasaffalterbach.com\/wp-content\/uploads\/2025\/07\/Aufrecht_Melcher_Logo_white-768x178.png 768w, https:\/\/dasaffalterbach.com\/wp-content\/uploads\/2025\/07\/Aufrecht_Melcher_Logo_white-1536x356.png 1536w, https:\/\/dasaffalterbach.com\/wp-content\/uploads\/2025\/07\/Aufrecht_Melcher_Logo_white.png 1600w\" sizes=\"(max-width: 600px) 100vw, 600px\" \/><\/h2>\n<p style=\"text-align: center;\">THE AFFALTERBACH. presents its gastronomic flagship, the &#8220;Aufrecht &#038; Melcher&#8221;, which stands for culinary highlights. Classic craftsmanship, attention to artistic detail and a multi-sensory experience are combined here with high-quality, regional products. Whether it&#8217;s a business lunch, a romantic dinner or a sociable get-together at the bar &#8211; here you will find a place that reinterprets pleasure.<\/p>\n\n                <\/div>\n        <\/div>\n    <\/div>\n<\/section>\n<section id=\"m-button__container-block_373a41ad9ff4601fbc215cdd96b6461e\" class=\"m-button__container u-pt-x0 u-pb-x10 u-pt-x5@md u-pb-x20@md : Kein Hintergrund\">\n    <div class=\"o-container\">\n        <div class=\"o-grid u-text-center\">\n            <div class=\"o-grid__col u-12\/12@md\" data-aos=\"fade-up\">\n                <a href=\"https:\/\/www.opentable.de\/r\/aufrecht-and-melcher-reservations-affalterbach?restref=414987&#038;lang=de-DE&#038;ot_source=Restaurant%20website\" class=\"c-btn c-btn__primary\">Book a table at Restaurant Affalterbach now<\/a>\n            <\/div>\n        <\/div>\n    <\/div>\n<\/section>\n<section id=\"m-text__container-block_15062058b0cddcec273849bca20579e6\" class=\"m-text__container u-pt-x10 u-pb-x10 u-pt-x15@md u-pb-x10@md u-bgcolor-gray-dark\">\n    <div class=\"o-container\">\n        <div class=\"o-grid\">\n                <div class=\"o-grid__col u-6\/12@md u-mb-x6 u-mb-x0@md\" data-aos=\"fade\">\n                    <h4>Restaurant &#8220;Aufrecht &#038; Melcher&#8221;<\/h4>\n<p><strong>Daily<\/strong><br \/>\n12:00 pm to 2:00 pm<br \/>\n17:00 until 21:00<\/p>\n<p><strong>Breakfast<\/strong><br \/>\nMonday to Friday from 06:30 a.m. to 10:30 a.m.<br \/>\nSaturday, Sunday, public holiday from 07:00 a.m. to 11:00 a.m.<\/p>\n\n                <\/div>\n                <div class=\"o-grid__col u-6\/12@md\" data-aos=\"fade\">\n                    <h4>Bar &#8220;Aufrecht &#038; Melcher&#8221;<\/h4>\n<p>Open daily from 12:00 to 23:00.<\/p>\n<p><a class=\"c-btn c-btn__primary u-mt-x3\" href=\"https:\/\/www.opentable.de\/r\/aufrecht-and-melcher-reservations-affalterbach?restref=414987&#038;lang=de-DE&#038;ot_source=Restaurant%20website\" target=\"_blank\" rel=\"noopener\">Reserve Online<\/a><\/p>\n\n                <\/div>\n        <\/div>\n    <\/div>\n<\/section>\n<section id=\"m-media-text__container-block_f1b3cfcc5dbc3f3a089649b86af2810b\" class=\"m-media-text__container u-pt-x10 u-pb-x0 u-pt-x20@md u-pb-x0@md\">\n    <div class=\"o-container\">\n        <div class=\"o-grid o-grid--x12 o-grid--middle\">\n            <div class=\"o-grid__col u-6\/12@sm u-7\/12@md u-mb--x8 u-mb-x0@md\" data-aos=\"fade\"><figure class=\"a-parallax__image u-mt-x10\"><img decoding=\"async\" src=\"https:\/\/dasaffalterbach.com\/wp-content\/uploads\/2026\/07\/Speisekarte_Restaurant-Aufrecht-und-Melcher_Das-Affalterbach-1024x640.jpg\" width=\"1024\" height=\"640\" srcset=\"https:\/\/dasaffalterbach.com\/wp-content\/uploads\/2026\/07\/Speisekarte_Restaurant-Aufrecht-und-Melcher_Das-Affalterbach-1024x640.jpg 1024w, https:\/\/dasaffalterbach.com\/wp-content\/uploads\/2026\/07\/Speisekarte_Restaurant-Aufrecht-und-Melcher_Das-Affalterbach-600x375.jpg 600w, https:\/\/dasaffalterbach.com\/wp-content\/uploads\/2026\/07\/Speisekarte_Restaurant-Aufrecht-und-Melcher_Das-Affalterbach-768x480.jpg 768w, https:\/\/dasaffalterbach.com\/wp-content\/uploads\/2026\/07\/Speisekarte_Restaurant-Aufrecht-und-Melcher_Das-Affalterbach.jpg 1200w\" sizes=\"(max-width: 1024px) 100vw, 1024px\" alt=\"Blick von oben auf eine Frau die eine Speisekarte mit de r Aufschrift Aufrecht und Melcher in der Hand h\u00e4lt\n\" \/><\/figure>\n            <\/div>\n            <div class=\"o-grid__col u-6\/12@sm u-5\/12@md u-mt-x3 u-mt-x0@sm\" data-aos=\"fade\">\n                <h2>Menus<\/h2>\n<p><a class=\"c-btn c-btn__primary u-mt-x3 u-full--width\" href=\"https:\/\/dasaffalterbach.com\/wp-content\/uploads\/2026\/05\/Tageskarte.pdf\" target=\"_blank\" rel=\"noopener\">Day ticket<\/a><\/p>\n<p>Our daily menu is valid from Monday to Sunday from 12:00-14:00 in the restaurant and all day at the bar and room service.<\/p>\n<p><a class=\"c-btn c-btn__primary u-mt-x3 u-full--width\" href=\"https:\/\/dasaffalterbach.com\/wp-content\/uploads\/2025\/10\/Wochenmenu.pdf\" target=\"_blank\" rel=\"noopener\">Lunch menu<\/a><\/p>\n<p>Our lunch menu complements the daily menu and is available from Monday to Sunday from 12:00-14:00 in the restaurant.<\/p>\n<p><a class=\"c-btn c-btn__primary u-mt-x3 u-full--width\" href=\"https:\/\/dasaffalterbach.com\/wp-content\/uploads\/2025\/10\/Abendkarte.pdf\" target=\"_blank\" rel=\"noopener\">Evening menu<\/a><\/p>\n<p>Our evening menu is valid from Monday to Saturday from 17:00-21:00 in the restaurant. On Sundays we serve dishes from our menu of the day in the evening.<\/p>\n\n            <\/div>\n        <\/div>\n    <\/div>\n<\/section>\n<section id=\"m-text__container-block_ef76e33f706c60d5e2b2458b36cdb167\" class=\"m-text__container u-pt-x5 u-pb-x0 u-pt-x10@md u-pb-x0@md\">\n    <div class=\"o-container\">\n        <div class=\"o-grid o-grid--center\">\n                <div class=\"o-grid__col u-8\/12@md\" data-aos=\"fade-up\">\n                    <h2 style=\"text-align: center;\">Events &#038; functions at the hotel<\/h2>\n<p style=\"text-align: center;\">From indulgent gourmet evenings and casual after-work sessions to relaxed brunch experiences &#8211; our in-house events and functions bring together people who love good food, good company and good times. Genuine hospitality, regional cuisine and a place where you simply love to stay: That&#8217;s our restaurant &#038; bar &#8220;Aufrecht &#038; Melcher&#8221;.<\/p>\n\n                <\/div>\n        <\/div>\n    <\/div>\n<\/section>\n<section id=\"m-button__container-block_ba37da6393028dd47c284682f9f76290\" class=\"m-button__container u-pt-x0 u-pb-x10 u-pt-x5@md u-pb-x20@md : Kein Hintergrund\">\n    <div class=\"o-container\">\n        <div class=\"o-grid u-text-center\">\n            <div class=\"o-grid__col u-12\/12@md\" data-aos=\"fade-up\">\n                <a href=\"https:\/\/dasaffalterbach.com\/en\/events\/\" class=\"c-btn c-btn__primary\">Discover all events<\/a>\n            <\/div>\n        <\/div>\n    <\/div>\n<\/section>\n<section id=\"m-text__container-block_c1ce32d16f08efa57bfbe3a2ddf14403\" class=\"m-text__container u-pt-x10 u-pb-x5 u-pt-x20@md u-pb-x10@md u-bgcolor-gray-dark\">\n    <div class=\"o-container\">\n        <div class=\"o-grid o-grid--center\">\n                <div class=\"o-grid__col u-10\/12@md\" data-aos=\"fade\">\n                    <h2 style=\"text-align: center;\"><strong><b>Moments of pleasure in the Affalterbach restaurant<\/b><\/strong><\/h2>\n<p style=\"text-align: center;\">As a restaurant near Stuttgart and the culinary heart of our hotel, &#8220;Aufrecht &#038; Melcher&#8221; invites guests and locals alike to experience the highest level of enjoyment.<\/p>\n\n                <\/div>\n        <\/div>\n    <\/div>\n<\/section>\n<section id=\"m-slider__container-block_f30fb7758d0772e58002acbc9b9fb9c1\" class=\"m-slider__container u-pt-x0 u-pb-x10 u-pt-x0@md u-pb-x20@md u-bgcolor-gray-dark\">\n\t<div class=\"o-container\">\n\t\t<div class=\"o-grid o-grid--center\">\n\t\t\t<div class=\"o-grid__col u-8\/12@md\">\n\t\t\t    <div class=\"m-slider u-relative\" data-aos=\"fade\">\n\t\t\t        \t<figure class=\"u-relative\">\n\t\t\t            <img decoding=\"async\" src=\"https:\/\/dasaffalterbach.com\/wp-content\/uploads\/2026\/02\/02_Galerie-Restaurant-1300x810.jpeg\" width=\"1300\" height=\"810\" sizes=\"(max-width: 1300px) 100vw, 1300px\" alt=\"Langer Esstisch, gedeckt mit Gl\u00e4sern und Blumen, unter Drahtlampen im Restaurant nahe Stuttgart\n\" class=\"u-full--width\" \/><\/figure>\n\t\t\t        \t<figure class=\"u-relative\">\n\t\t\t            <img decoding=\"async\" src=\"https:\/\/dasaffalterbach.com\/wp-content\/uploads\/2026\/02\/03_Galerie-Restaurant-1300x810.jpg\" width=\"1300\" height=\"810\" sizes=\"(max-width: 1300px) 100vw, 1300px\" alt=\"Wandlogo vor Blumen zeigt &#039;Aufrecht &amp; Melcher&#039; \u2014 BAR \u2022 RESTAURANT \u2022 PARK\n\" class=\"u-full--width\" \/><\/figure>\n\t\t\t        \t<figure class=\"u-relative\">\n\t\t\t            <img decoding=\"async\" src=\"https:\/\/dasaffalterbach.com\/wp-content\/uploads\/2026\/02\/04_Galerie-Restaurant-1300x810.jpeg\" width=\"1300\" height=\"810\" sizes=\"(max-width: 1300px) 100vw, 1300px\" alt=\"Schokoladentarte, garniert mit Erdbeeren und Vanilleeis auf wei\u00dfem Teller\n\" class=\"u-full--width\" \/><\/figure>\n\t\t\t        \t<figure class=\"u-relative\">\n\t\t\t            <img decoding=\"async\" src=\"https:\/\/dasaffalterbach.com\/wp-content\/uploads\/2026\/02\/05_Galerie-Restaurant-1300x810.jpg\" width=\"1300\" height=\"810\" sizes=\"(max-width: 1300px) 100vw, 1300px\" alt=\"Gedeckte Tische stehen in modernem Restaurant in der n\u00e4he von Stuttgart, Pflanzen im Vordergrund\n\" class=\"u-full--width\" \/><\/figure>\n\t\t\t        \t<figure class=\"u-relative\">\n\t\t\t            <img decoding=\"async\" src=\"https:\/\/dasaffalterbach.com\/wp-content\/uploads\/2026\/07\/Restaurant_Impressionen_Aufrecht-und-Melcher_Das-Affalterbach3-1300x810.jpg\" width=\"1300\" height=\"810\" sizes=\"(max-width: 1300px) 100vw, 1300px\" alt=\"Bunuter Salat im Vordergrund auf einem dunklen gedeckten Tisch \n\" class=\"u-full--width\" \/><\/figure>\n\t\t\t        \t<figure class=\"u-relative\">\n\t\t\t            <img decoding=\"async\" src=\"https:\/\/dasaffalterbach.com\/wp-content\/uploads\/2026\/02\/07_Galerie-Restaurant-1300x810.jpg\" width=\"1300\" height=\"810\" sizes=\"(max-width: 1300px) 100vw, 1300px\" alt=\"Bar nahe Stuttgart mit Hockern, Regal dahinter; Wandtext: ROOMS BUSINESS SUITE WELLNESS WC\n\" class=\"u-full--width\" \/><\/figure>\n\t\t\t        \t<figure class=\"u-relative\">\n\t\t\t            <img decoding=\"async\" src=\"https:\/\/dasaffalterbach.com\/wp-content\/uploads\/2026\/02\/09_Galerie-Restaurant-1300x810.jpeg\" width=\"1300\" height=\"810\" sizes=\"(max-width: 1300px) 100vw, 1300px\" alt=\"Men\u00fckarte (TEXT: MENU) steht auf gedecktem Tisch mit Blumen im Restaurant\" class=\"u-full--width\" \/><\/figure>\n\t\t\t        \t<figure class=\"u-relative\">\n\t\t\t            <img decoding=\"async\" src=\"https:\/\/dasaffalterbach.com\/wp-content\/uploads\/2026\/02\/10_Galerie-Restaurant-1300x810.jpeg\" width=\"1300\" height=\"810\" sizes=\"(max-width: 1300px) 100vw, 1300px\" alt=\"Garnierte Teller, Koch gie\u00dft Sauce auf mehrere Teller in Gro\u00dfk\u00fcche\n\" class=\"u-full--width\" \/><\/figure>\n\t\t\t        \t<figure class=\"u-relative\">\n\t\t\t            <img decoding=\"async\" src=\"https:\/\/dasaffalterbach.com\/wp-content\/uploads\/2026\/02\/11_Galerie-Restaurant-1300x810.jpeg\" width=\"1300\" height=\"810\" sizes=\"(max-width: 1300px) 100vw, 1300px\" alt=\"Gedeckter Tisch mit Blumen und Karten vor Vorhang im Hotel nahe Stuttgart\n\" class=\"u-full--width\" \/><\/figure>\n\t\t\t        \t<figure class=\"u-relative\">\n\t\t\t            <img decoding=\"async\" src=\"https:\/\/dasaffalterbach.com\/wp-content\/uploads\/2026\/02\/12_Galerie-Restaurant-1300x810.jpg\" width=\"1300\" height=\"810\" sizes=\"(max-width: 1300px) 100vw, 1300px\" alt=\"Hotelbar mit Sofas und Pflanzen; Text: ROOMS&lt; BUSINESS SUITES&lt; WELLNESS&lt; WC&lt;\n\" class=\"u-full--width\" \/><\/figure>\n\t\t\t        \t<figure class=\"u-relative\">\n\t\t\t            <img decoding=\"async\" src=\"https:\/\/dasaffalterbach.com\/wp-content\/uploads\/2026\/07\/Restaurant_Impressionen_Aufrecht-und-Melcher_Das-Affalterbach4-1300x810.jpg\" width=\"1300\" height=\"810\" sizes=\"(max-width: 1300px) 100vw, 1300px\" alt=\"Detail aufnahme von Messer und Gabel in einem Gericht mit Kartoffeln und Spargel\n\" class=\"u-full--width\" \/><\/figure>\n\t\t\t        \t<figure class=\"u-relative\">\n\t\t\t            <img decoding=\"async\" src=\"https:\/\/dasaffalterbach.com\/wp-content\/uploads\/2026\/02\/13_Galerie-Restaurant-1300x810.jpg\" width=\"1300\" height=\"810\" sizes=\"(max-width: 1300px) 100vw, 1300px\" alt=\"Roter Tresen best\u00fcckt mit Gl\u00e4sern in modernem kunstvoll dekoriertem Innenraum\n\" class=\"u-full--width\" \/><\/figure>\n\t\t\t        \t<figure class=\"u-relative\">\n\t\t\t            <img decoding=\"async\" src=\"https:\/\/dasaffalterbach.com\/wp-content\/uploads\/2026\/02\/14_Galerie-Restaurant-1300x810.jpg\" width=\"1300\" height=\"810\" sizes=\"(max-width: 1300px) 100vw, 1300px\" alt=\"Bar-Theke mit Hockern in moderner Lounge; Schrift: &#039;JAZZ LIFE&#039;\n\" class=\"u-full--width\" \/><\/figure>\n\t\t\t        \t<figure class=\"u-relative\">\n\t\t\t            <img decoding=\"async\" src=\"https:\/\/dasaffalterbach.com\/wp-content\/uploads\/2026\/02\/16_Galerie-Restaurant-1300x810.jpeg\" width=\"1300\" height=\"810\" sizes=\"(max-width: 1300px) 100vw, 1300px\" alt=\"Gedeckter Tisch mit Blumen, Gl\u00e4sern und Men\u00fckarten am Fenster\n\" class=\"u-full--width\" \/><\/figure>\n\t\t\t        \t<figure class=\"u-relative\">\n\t\t\t            <img decoding=\"async\" src=\"https:\/\/dasaffalterbach.com\/wp-content\/uploads\/2026\/07\/Restaurant_Impressionen_Aufrecht-und-Melcher_Das-Affalterbach1-1300x810.jpg\" width=\"1300\" height=\"810\" sizes=\"(max-width: 1300px) 100vw, 1300px\" alt=\"Gedeckter Tisch mit St\u00fchlen im Restaurant in Affalterbach\n\" class=\"u-full--width\" \/><\/figure>\n\t\t\t        \t<figure class=\"u-relative\">\n\t\t\t            <img decoding=\"async\" src=\"https:\/\/dasaffalterbach.com\/wp-content\/uploads\/2026\/07\/Restaurant_Impressionen_Aufrecht-und-Melcher_Das-Affalterbach2-1300x810.jpg\" width=\"1300\" height=\"810\" sizes=\"(max-width: 1300px) 100vw, 1300px\" alt=\"Blick vorbei an ein paar Gr\u00fcnpflanzen in das Restaurant nahe Stuttgart\n\" class=\"u-full--width\" \/><\/figure>\n\t\t\t    <\/div>\n\t\t    <\/div>\n\t    <\/div>\n    <\/div>\n<\/section>\n<section id=\"m-teaser__container-block_a17aeabf240ac708430e5f32662018cf\" class=\"m-teaser__container u-pt-x0 u-pb-x10 u-pt-x5@md u-pb-x20@md : Kein Hintergrund u-hidden\">\n    <div class=\"o-container\">\n        <div class=\"o-grid\">\n                <div class=\"o-grid__col u-mv-x5 u-mv-x10@sm u-6\/12@sm u-4\/12@md\" data-aos=\"fade\">\n                \n                    <figure class=\"u-relative u-block\">\n                        <img decoding=\"async\" src=\"https:\/\/dasaffalterbach.com\/wp-content\/uploads\/2024\/09\/AMG-House-Wellness-480x320.jpg\" width=\"480\" height=\"320\" sizes=\"(max-width: 480px) 100vw, 480px\" alt=\"Ein modernes Zimmer im Hotel in der N\u00e4he von Stuttgart mit einem gro\u00dfem Bett mit Holz-Kopfteil, im minimalistischem Design.\" class=\"u-full--width\" \/>\n                        <figcaption class=\"u-mt-x3 u-mt-x6@sm\"><h3>Lorem ipsum dolor sit amet<\/h3>\n<p>Lacinia has some sort of mauris malesuada. Dictumst, animi, magnis, eu itaque convallis eu. Viverra sapien lectus, illum eaque hic tincidunt fusce per ridiculus, fugit. A larger, darker-colored tortor class, with some fringilla on the body. Unde!<\/p>\n<a href=\"#\" class=\"c-btn c-btn__primary u-mt-x3\" target=\"_self\">Button Labeling<\/a><\/figcaption>\n                    <\/figure>\n                    \n                <\/div>\n                <div class=\"o-grid__col u-mv-x5 u-mv-x10@sm u-6\/12@sm u-4\/12@md\" data-aos=\"fade\">\n                \n                    <figure class=\"u-relative u-block\">\n                        <img decoding=\"async\" src=\"https:\/\/dasaffalterbach.com\/wp-content\/uploads\/2024\/09\/AMG-House-Wellness-480x320.jpg\" width=\"480\" height=\"320\" sizes=\"(max-width: 480px) 100vw, 480px\" alt=\"Ein modernes Zimmer im Hotel in der N\u00e4he von Stuttgart mit einem gro\u00dfem Bett mit Holz-Kopfteil, im minimalistischem Design.\" class=\"u-full--width\" \/>\n                        <figcaption class=\"u-mt-x3 u-mt-x6@sm\"><h3>Lorem ipsum dolor sit amet<\/h3>\n<p>Lacinia has some sort of mauris malesuada. Dictumst, animi, magnis, eu itaque convallis eu. Viverra sapien lectus, illum eaque hic tincidunt fusce per ridiculus, fugit. A larger, darker-colored tortor class, with some fringilla on the body. Unde!<\/p>\n<a href=\"#\" class=\"c-btn c-btn__primary u-mt-x3\" target=\"_self\">Button Labeling<\/a><\/figcaption>\n                    <\/figure>\n                    \n                <\/div>\n                <div class=\"o-grid__col u-mv-x5 u-mv-x10@sm u-6\/12@sm u-4\/12@md\" data-aos=\"fade\">\n                \n                    <figure class=\"u-relative u-block\">\n                        <img decoding=\"async\" src=\"https:\/\/dasaffalterbach.com\/wp-content\/uploads\/2024\/09\/AMG-House-Wellness-480x320.jpg\" width=\"480\" height=\"320\" sizes=\"(max-width: 480px) 100vw, 480px\" alt=\"Ein modernes Zimmer im Hotel in der N\u00e4he von Stuttgart mit einem gro\u00dfem Bett mit Holz-Kopfteil, im minimalistischem Design.\" class=\"u-full--width\" \/>\n                        <figcaption class=\"u-mt-x3 u-mt-x6@sm\"><h3>Lorem ipsum dolor sit amet<\/h3>\n<p>Lacinia has some sort of mauris malesuada. Dictumst, animi, magnis, eu itaque convallis eu. Viverra sapien lectus, illum eaque hic tincidunt fusce per ridiculus, fugit. A larger, darker-colored tortor class, with some fringilla on the body. Unde!<\/p>\n<a href=\"#\" class=\"c-btn c-btn__primary u-mt-x3\" target=\"_self\">Button Labeling<\/a><\/figcaption>\n                    <\/figure>\n                    \n                <\/div>\n        <\/div>\n    <\/div>\n<\/section>","protected":false},"excerpt":{"rendered":"","protected":false},"author":1,"featured_media":0,"parent":0,"menu_order":6,"comment_status":"closed","ping_status":"closed","template":"","meta":{"_acf_changed":false,"footnotes":""},"class_list":["post-1106","page","type-page","status-publish","hentry"],"acf":[],"yoast_head":"<!-- This site is optimized with the Yoast SEO plugin v28.3 - https:\/\/yoast.com\/product\/yoast-seo-wordpress\/ -->\n<title>Restaurant Aufrecht &amp; Melcher | Das Affalterbach<\/title>\n<meta name=\"description\" content=\"Enjoyment in a stylish ambience: Discover the Affalterbach restaurant: fresh cuisine, sun terrace &amp; bar \u27a4 Book now!\" \/>\n<meta name=\"robots\" content=\"index, follow, max-snippet:-1, max-image-preview:large, max-video-preview:-1\" \/>\n<link rel=\"canonical\" href=\"https:\/\/dasaffalterbach.com\/en\/restaurant-bar\/\" \/>\n<meta property=\"og:locale\" content=\"en_US\" \/>\n<meta property=\"og:type\" content=\"article\" \/>\n<meta property=\"og:title\" content=\"Restaurant Aufrecht &amp; Melcher | Das Affalterbach\" \/>\n<meta property=\"og:description\" content=\"Enjoyment in a stylish ambience: Discover the Affalterbach restaurant: fresh cuisine, sun terrace &amp; bar \u27a4 Book now!\" \/>\n<meta property=\"og:url\" content=\"https:\/\/dasaffalterbach.com\/en\/restaurant-bar\/\" \/>\n<meta property=\"og:site_name\" content=\"Das Affalterbach\" \/>\n<meta property=\"article:modified_time\" content=\"2026-07-27T15:07:24+00:00\" \/>\n<meta name=\"twitter:card\" content=\"summary_large_image\" \/>\n<script type=\"application\/ld+json\" class=\"yoast-schema-graph\">{\"@context\":\"https:\\\/\\\/schema.org\",\"@graph\":[{\"@type\":\"WebPage\",\"@id\":\"https:\\\/\\\/dasaffalterbach.com\\\/en\\\/restaurant-bar\\\/\",\"url\":\"https:\\\/\\\/dasaffalterbach.com\\\/en\\\/restaurant-bar\\\/\",\"name\":\"Restaurant Aufrecht & Melcher | Das Affalterbach\",\"isPartOf\":{\"@id\":\"https:\\\/\\\/dasaffalterbach.com\\\/en\\\/#website\"},\"datePublished\":\"2025-01-21T16:47:57+00:00\",\"dateModified\":\"2026-07-27T15:07:24+00:00\",\"description\":\"Enjoyment in a stylish ambience: Discover the Affalterbach restaurant: fresh cuisine, sun terrace & bar \u27a4 Book now!\",\"breadcrumb\":{\"@id\":\"https:\\\/\\\/dasaffalterbach.com\\\/en\\\/restaurant-bar\\\/#breadcrumb\"},\"inLanguage\":\"en-US\",\"potentialAction\":[{\"@type\":\"ReadAction\",\"target\":[\"https:\\\/\\\/dasaffalterbach.com\\\/en\\\/restaurant-bar\\\/\"]}]},{\"@type\":\"BreadcrumbList\",\"@id\":\"https:\\\/\\\/dasaffalterbach.com\\\/en\\\/restaurant-bar\\\/#breadcrumb\",\"itemListElement\":[{\"@type\":\"ListItem\",\"position\":1,\"name\":\"Startseite\",\"item\":\"https:\\\/\\\/dasaffalterbach.com\\\/en\\\/\"},{\"@type\":\"ListItem\",\"position\":2,\"name\":\"Restaurant &#038; Bar\"}]},{\"@type\":\"WebSite\",\"@id\":\"https:\\\/\\\/dasaffalterbach.com\\\/en\\\/#website\",\"url\":\"https:\\\/\\\/dasaffalterbach.com\\\/en\\\/\",\"name\":\"Autograph Collection Hotels\",\"description\":\"Autograph Collection Hotels\",\"publisher\":{\"@id\":\"https:\\\/\\\/dasaffalterbach.com\\\/en\\\/#organization\"},\"potentialAction\":[{\"@type\":\"SearchAction\",\"target\":{\"@type\":\"EntryPoint\",\"urlTemplate\":\"https:\\\/\\\/dasaffalterbach.com\\\/en\\\/?s={search_term_string}\"},\"query-input\":{\"@type\":\"PropertyValueSpecification\",\"valueRequired\":true,\"valueName\":\"search_term_string\"}}],\"inLanguage\":\"en-US\"},{\"@type\":\"Organization\",\"@id\":\"https:\\\/\\\/dasaffalterbach.com\\\/en\\\/#organization\",\"name\":\"Autograph Collection Hotels\",\"url\":\"https:\\\/\\\/dasaffalterbach.com\\\/en\\\/\",\"logo\":{\"@type\":\"ImageObject\",\"inLanguage\":\"en-US\",\"@id\":\"https:\\\/\\\/dasaffalterbach.com\\\/en\\\/#\\\/schema\\\/logo\\\/image\\\/\",\"url\":\"https:\\\/\\\/dasaffalterbach.com\\\/wp-content\\\/uploads\\\/2024\\\/09\\\/favicon.png\",\"contentUrl\":\"https:\\\/\\\/dasaffalterbach.com\\\/wp-content\\\/uploads\\\/2024\\\/09\\\/favicon.png\",\"width\":512,\"height\":512,\"caption\":\"Autograph Collection Hotels\"},\"image\":{\"@id\":\"https:\\\/\\\/dasaffalterbach.com\\\/en\\\/#\\\/schema\\\/logo\\\/image\\\/\"}}]}<\/script>\n<!-- \/ Yoast SEO plugin. -->","yoast_head_json":{"title":"Restaurant Aufrecht & Melcher | Das Affalterbach","description":"Enjoyment in a stylish ambience: Discover the Affalterbach restaurant: fresh cuisine, sun terrace & bar \u27a4 Book now!","robots":{"index":"index","follow":"follow","max-snippet":"max-snippet:-1","max-image-preview":"max-image-preview:large","max-video-preview":"max-video-preview:-1"},"canonical":"https:\/\/dasaffalterbach.com\/en\/restaurant-bar\/","og_locale":"en_US","og_type":"article","og_title":"Restaurant Aufrecht & Melcher | Das Affalterbach","og_description":"Enjoyment in a stylish ambience: Discover the Affalterbach restaurant: fresh cuisine, sun terrace & bar \u27a4 Book now!","og_url":"https:\/\/dasaffalterbach.com\/en\/restaurant-bar\/","og_site_name":"Das Affalterbach","article_modified_time":"2026-07-27T15:07:24+00:00","twitter_card":"summary_large_image","schema":{"@context":"https:\/\/schema.org","@graph":[{"@type":"WebPage","@id":"https:\/\/dasaffalterbach.com\/en\/restaurant-bar\/","url":"https:\/\/dasaffalterbach.com\/en\/restaurant-bar\/","name":"Restaurant Aufrecht & Melcher | Das Affalterbach","isPartOf":{"@id":"https:\/\/dasaffalterbach.com\/en\/#website"},"datePublished":"2025-01-21T16:47:57+00:00","dateModified":"2026-07-27T15:07:24+00:00","description":"Enjoyment in a stylish ambience: Discover the Affalterbach restaurant: fresh cuisine, sun terrace & bar \u27a4 Book now!","breadcrumb":{"@id":"https:\/\/dasaffalterbach.com\/en\/restaurant-bar\/#breadcrumb"},"inLanguage":"en-US","potentialAction":[{"@type":"ReadAction","target":["https:\/\/dasaffalterbach.com\/en\/restaurant-bar\/"]}]},{"@type":"BreadcrumbList","@id":"https:\/\/dasaffalterbach.com\/en\/restaurant-bar\/#breadcrumb","itemListElement":[{"@type":"ListItem","position":1,"name":"Startseite","item":"https:\/\/dasaffalterbach.com\/en\/"},{"@type":"ListItem","position":2,"name":"Restaurant &#038; Bar"}]},{"@type":"WebSite","@id":"https:\/\/dasaffalterbach.com\/en\/#website","url":"https:\/\/dasaffalterbach.com\/en\/","name":"Autograph Collection Hotels","description":"Autograph Collection Hotels","publisher":{"@id":"https:\/\/dasaffalterbach.com\/en\/#organization"},"potentialAction":[{"@type":"SearchAction","target":{"@type":"EntryPoint","urlTemplate":"https:\/\/dasaffalterbach.com\/en\/?s={search_term_string}"},"query-input":{"@type":"PropertyValueSpecification","valueRequired":true,"valueName":"search_term_string"}}],"inLanguage":"en-US"},{"@type":"Organization","@id":"https:\/\/dasaffalterbach.com\/en\/#organization","name":"Autograph Collection Hotels","url":"https:\/\/dasaffalterbach.com\/en\/","logo":{"@type":"ImageObject","inLanguage":"en-US","@id":"https:\/\/dasaffalterbach.com\/en\/#\/schema\/logo\/image\/","url":"https:\/\/dasaffalterbach.com\/wp-content\/uploads\/2024\/09\/favicon.png","contentUrl":"https:\/\/dasaffalterbach.com\/wp-content\/uploads\/2024\/09\/favicon.png","width":512,"height":512,"caption":"Autograph Collection Hotels"},"image":{"@id":"https:\/\/dasaffalterbach.com\/en\/#\/schema\/logo\/image\/"}}]}},"_links":{"self":[{"href":"https:\/\/dasaffalterbach.com\/en\/wp-json\/wp\/v2\/pages\/1106","targetHints":{"allow":["GET"]}}],"collection":[{"href":"https:\/\/dasaffalterbach.com\/en\/wp-json\/wp\/v2\/pages"}],"about":[{"href":"https:\/\/dasaffalterbach.com\/en\/wp-json\/wp\/v2\/types\/page"}],"author":[{"embeddable":true,"href":"https:\/\/dasaffalterbach.com\/en\/wp-json\/wp\/v2\/users\/1"}],"replies":[{"embeddable":true,"href":"https:\/\/dasaffalterbach.com\/en\/wp-json\/wp\/v2\/comments?post=1106"}],"version-history":[{"count":70,"href":"https:\/\/dasaffalterbach.com\/en\/wp-json\/wp\/v2\/pages\/1106\/revisions"}],"predecessor-version":[{"id":4157,"href":"https:\/\/dasaffalterbach.com\/en\/wp-json\/wp\/v2\/pages\/1106\/revisions\/4157"}],"wp:attachment":[{"href":"https:\/\/dasaffalterbach.com\/en\/wp-json\/wp\/v2\/media?parent=1106"}],"curies":[{"name":"wp","href":"https:\/\/api.w.org\/{rel}","templated":true}]}}